{"id":32486,"date":"2025-11-14T17:10:30","date_gmt":"2025-11-14T23:10:30","guid":{"rendered":"https:\/\/contratame.online\/es\/candidate\/nerytrabajo66\/"},"modified":"2026-01-26T11:52:00","modified_gmt":"2026-01-26T17:52:00","slug":"nerytrabajo66","status":"publish","type":"candidate","link":"https:\/\/contratame.online\/es\/candidate\/nerytrabajo66\/","title":{"rendered":"nerytrabajo66"},"content":{"rendered":"<p>He destacado en el \u00e1mbito laboral por mi capacidad de organizaci\u00f3n, an\u00e1lisis y responsabilidad en el manejo de informaci\u00f3n, as\u00ed como por mi compromiso con el cumplimiento de procesos institucionales. Durante mi experiencia en el sector p\u00fablico, particularmente en la Procuradur\u00eda General de la Naci\u00f3n, he brindado apoyo en la sistematizaci\u00f3n de documentos, an\u00e1lisis de informaci\u00f3n, elaboraci\u00f3n de reportes y seguimiento de procesos, trabajando de manera coordinada con equipos multidisciplinarios.<\/p>\n<p>Me caracterizo por mi \u00e9tica profesional, confidencialidad, atenci\u00f3n al detalle y orientaci\u00f3n al servicio, lo que me ha permitido adaptarme a entornos formales y estructurados. Adem\u00e1s, cuento con disposici\u00f3n para el aprendizaje continuo, capacidad para trabajar bajo lineamientos establecidos y una actitud proactiva para apoyar la mejora de procesos administrativos y operativos.<\/p>\n","protected":false},"featured_media":52846,"comment_status":"open","ping_status":"closed","template":"","candidate_category":[],"candidate_location":[],"candidate_tag":[],"class_list":["post-32486","candidate","type-candidate","status-publish","has-post-thumbnail","hentry"],"yoast_head":"<!-- This site is optimized with the Yoast SEO plugin v24.0 - https:\/\/yoast.com\/wordpress\/plugins\/seo\/ -->\n<title>nerytrabajo66 - Contratame.online<\/title>\n<meta name=\"robots\" content=\"index, follow, max-snippet:-1, max-image-preview:large, max-video-preview:-1\" \/>\n<link rel=\"canonical\" href=\"https:\/\/contratame.online\/es\/candidate\/nerytrabajo66\/\" \/>\n<meta property=\"og:locale\" content=\"es_ES\" \/>\n<meta property=\"og:type\" content=\"article\" \/>\n<meta property=\"og:title\" content=\"nerytrabajo66 - Contratame.online\" \/>\n<meta property=\"og:description\" content=\"He destacado en el \u00e1mbito laboral por mi capacidad de organizaci\u00f3n, an\u00e1lisis y responsabilidad en el manejo de informaci\u00f3n, as\u00ed como por mi compromiso con el cumplimiento de procesos institucionales. Durante mi experiencia en el sector p\u00fablico, particularmente en la Procuradur\u00eda General de la Naci\u00f3n, he brindado apoyo en la sistematizaci\u00f3n de documentos, an\u00e1lisis de [&hellip;]\" \/>\n<meta property=\"og:url\" content=\"https:\/\/contratame.online\/es\/candidate\/nerytrabajo66\/\" \/>\n<meta property=\"og:site_name\" content=\"Contratame.online\" \/>\n<meta property=\"article:publisher\" content=\"https:\/\/www.facebook.com\/contratamegt\" \/>\n<meta property=\"article:modified_time\" content=\"2026-01-26T17:52:00+00:00\" \/>\n<meta property=\"og:image\" content=\"https:\/\/contratame.online\/wp-content\/uploads\/wp-job-board-pro-uploads\/_candidate_featured_image\/2026\/01\/FOTO-RECIENTE-CV-1.jpg\" \/>\n\t<meta property=\"og:image:width\" content=\"1200\" \/>\n\t<meta property=\"og:image:height\" content=\"1600\" \/>\n\t<meta property=\"og:image:type\" content=\"image\/jpeg\" \/>\n<meta name=\"twitter:card\" content=\"summary_large_image\" \/>\n<meta name=\"twitter:label1\" content=\"Est. reading time\" \/>\n\t<meta name=\"twitter:data1\" content=\"1 minuto\" \/>\n<script type=\"application\/ld+json\" class=\"yoast-schema-graph\">{\"@context\":\"https:\/\/schema.org\",\"@graph\":[{\"@type\":\"WebPage\",\"@id\":\"https:\/\/contratame.online\/es\/candidate\/nerytrabajo66\/\",\"url\":\"https:\/\/contratame.online\/es\/candidate\/nerytrabajo66\/\",\"name\":\"nerytrabajo66 - Contratame.online\",\"isPartOf\":{\"@id\":\"https:\/\/contratame.online\/#website\"},\"primaryImageOfPage\":{\"@id\":\"https:\/\/contratame.online\/es\/candidate\/nerytrabajo66\/#primaryimage\"},\"image\":{\"@id\":\"https:\/\/contratame.online\/es\/candidate\/nerytrabajo66\/#primaryimage\"},\"thumbnailUrl\":\"https:\/\/contratame.online\/wp-content\/uploads\/wp-job-board-pro-uploads\/_candidate_featured_image\/2026\/01\/FOTO-RECIENTE-CV-2.jpg\",\"datePublished\":\"2025-11-14T23:10:30+00:00\",\"dateModified\":\"2026-01-26T17:52:00+00:00\",\"breadcrumb\":{\"@id\":\"https:\/\/contratame.online\/es\/candidate\/nerytrabajo66\/#breadcrumb\"},\"inLanguage\":\"es\",\"potentialAction\":[{\"@type\":\"ReadAction\",\"target\":[\"https:\/\/contratame.online\/es\/candidate\/nerytrabajo66\/\"]}]},{\"@type\":\"ImageObject\",\"inLanguage\":\"es\",\"@id\":\"https:\/\/contratame.online\/es\/candidate\/nerytrabajo66\/#primaryimage\",\"url\":\"https:\/\/contratame.online\/wp-content\/uploads\/wp-job-board-pro-uploads\/_candidate_featured_image\/2026\/01\/FOTO-RECIENTE-CV-2.jpg\",\"contentUrl\":\"https:\/\/contratame.online\/wp-content\/uploads\/wp-job-board-pro-uploads\/_candidate_featured_image\/2026\/01\/FOTO-RECIENTE-CV-2.jpg\",\"width\":1200,\"height\":1600},{\"@type\":\"BreadcrumbList\",\"@id\":\"https:\/\/contratame.online\/es\/candidate\/nerytrabajo66\/#breadcrumb\",\"itemListElement\":[{\"@type\":\"ListItem\",\"position\":1,\"name\":\"Portada\",\"item\":\"https:\/\/contratame.online\/\"},{\"@type\":\"ListItem\",\"position\":2,\"name\":\"Candidates\",\"item\":\"https:\/\/contratame.online\/en\/candidate\/\"},{\"@type\":\"ListItem\",\"position\":3,\"name\":\"nerytrabajo66\"}]},{\"@type\":\"WebSite\",\"@id\":\"https:\/\/contratame.online\/#website\",\"url\":\"https:\/\/contratame.online\/\",\"name\":\"Contratame.online\",\"description\":\"Encuentra el empleo que siempre so\u00f1aste.\",\"publisher\":{\"@id\":\"https:\/\/contratame.online\/#organization\"},\"potentialAction\":[{\"@type\":\"SearchAction\",\"target\":{\"@type\":\"EntryPoint\",\"urlTemplate\":\"https:\/\/contratame.online\/?s={search_term_string}\"},\"query-input\":{\"@type\":\"PropertyValueSpecification\",\"valueRequired\":true,\"valueName\":\"search_term_string\"}}],\"inLanguage\":\"es\"},{\"@type\":\"Organization\",\"@id\":\"https:\/\/contratame.online\/#organization\",\"name\":\"CONTRATA ME\",\"url\":\"https:\/\/contratame.online\/\",\"logo\":{\"@type\":\"ImageObject\",\"inLanguage\":\"es\",\"@id\":\"https:\/\/contratame.online\/#\/schema\/logo\/image\/\",\"url\":\"https:\/\/contratame.online\/wp-content\/uploads\/2023\/07\/logohd.png\",\"contentUrl\":\"https:\/\/contratame.online\/wp-content\/uploads\/2023\/07\/logohd.png\",\"width\":150,\"height\":50,\"caption\":\"CONTRATA ME\"},\"image\":{\"@id\":\"https:\/\/contratame.online\/#\/schema\/logo\/image\/\"},\"sameAs\":[\"https:\/\/www.facebook.com\/contratamegt\"]}]}<\/script>\n<!-- \/ Yoast SEO plugin. -->","yoast_head_json":{"title":"nerytrabajo66 - Contratame.online","robots":{"index":"index","follow":"follow","max-snippet":"max-snippet:-1","max-image-preview":"max-image-preview:large","max-video-preview":"max-video-preview:-1"},"canonical":"https:\/\/contratame.online\/es\/candidate\/nerytrabajo66\/","og_locale":"es_ES","og_type":"article","og_title":"nerytrabajo66 - Contratame.online","og_description":"He destacado en el \u00e1mbito laboral por mi capacidad de organizaci\u00f3n, an\u00e1lisis y responsabilidad en el manejo de informaci\u00f3n, as\u00ed como por mi compromiso con el cumplimiento de procesos institucionales. Durante mi experiencia en el sector p\u00fablico, particularmente en la Procuradur\u00eda General de la Naci\u00f3n, he brindado apoyo en la sistematizaci\u00f3n de documentos, an\u00e1lisis de [&hellip;]","og_url":"https:\/\/contratame.online\/es\/candidate\/nerytrabajo66\/","og_site_name":"Contratame.online","article_publisher":"https:\/\/www.facebook.com\/contratamegt","article_modified_time":"2026-01-26T17:52:00+00:00","og_image":[{"width":1200,"height":1600,"url":"https:\/\/contratame.online\/wp-content\/uploads\/wp-job-board-pro-uploads\/_candidate_featured_image\/2026\/01\/FOTO-RECIENTE-CV-1.jpg","type":"image\/jpeg"}],"twitter_card":"summary_large_image","twitter_misc":{"Est. reading time":"1 minuto"},"schema":{"@context":"https:\/\/schema.org","@graph":[{"@type":"WebPage","@id":"https:\/\/contratame.online\/es\/candidate\/nerytrabajo66\/","url":"https:\/\/contratame.online\/es\/candidate\/nerytrabajo66\/","name":"nerytrabajo66 - Contratame.online","isPartOf":{"@id":"https:\/\/contratame.online\/#website"},"primaryImageOfPage":{"@id":"https:\/\/contratame.online\/es\/candidate\/nerytrabajo66\/#primaryimage"},"image":{"@id":"https:\/\/contratame.online\/es\/candidate\/nerytrabajo66\/#primaryimage"},"thumbnailUrl":"https:\/\/contratame.online\/wp-content\/uploads\/wp-job-board-pro-uploads\/_candidate_featured_image\/2026\/01\/FOTO-RECIENTE-CV-2.jpg","datePublished":"2025-11-14T23:10:30+00:00","dateModified":"2026-01-26T17:52:00+00:00","breadcrumb":{"@id":"https:\/\/contratame.online\/es\/candidate\/nerytrabajo66\/#breadcrumb"},"inLanguage":"es","potentialAction":[{"@type":"ReadAction","target":["https:\/\/contratame.online\/es\/candidate\/nerytrabajo66\/"]}]},{"@type":"ImageObject","inLanguage":"es","@id":"https:\/\/contratame.online\/es\/candidate\/nerytrabajo66\/#primaryimage","url":"https:\/\/contratame.online\/wp-content\/uploads\/wp-job-board-pro-uploads\/_candidate_featured_image\/2026\/01\/FOTO-RECIENTE-CV-2.jpg","contentUrl":"https:\/\/contratame.online\/wp-content\/uploads\/wp-job-board-pro-uploads\/_candidate_featured_image\/2026\/01\/FOTO-RECIENTE-CV-2.jpg","width":1200,"height":1600},{"@type":"BreadcrumbList","@id":"https:\/\/contratame.online\/es\/candidate\/nerytrabajo66\/#breadcrumb","itemListElement":[{"@type":"ListItem","position":1,"name":"Portada","item":"https:\/\/contratame.online\/"},{"@type":"ListItem","position":2,"name":"Candidates","item":"https:\/\/contratame.online\/en\/candidate\/"},{"@type":"ListItem","position":3,"name":"nerytrabajo66"}]},{"@type":"WebSite","@id":"https:\/\/contratame.online\/#website","url":"https:\/\/contratame.online\/","name":"Contratame.online","description":"Encuentra el empleo que siempre so\u00f1aste.","publisher":{"@id":"https:\/\/contratame.online\/#organization"},"potentialAction":[{"@type":"SearchAction","target":{"@type":"EntryPoint","urlTemplate":"https:\/\/contratame.online\/?s={search_term_string}"},"query-input":{"@type":"PropertyValueSpecification","valueRequired":true,"valueName":"search_term_string"}}],"inLanguage":"es"},{"@type":"Organization","@id":"https:\/\/contratame.online\/#organization","name":"CONTRATA ME","url":"https:\/\/contratame.online\/","logo":{"@type":"ImageObject","inLanguage":"es","@id":"https:\/\/contratame.online\/#\/schema\/logo\/image\/","url":"https:\/\/contratame.online\/wp-content\/uploads\/2023\/07\/logohd.png","contentUrl":"https:\/\/contratame.online\/wp-content\/uploads\/2023\/07\/logohd.png","width":150,"height":50,"caption":"CONTRATA ME"},"image":{"@id":"https:\/\/contratame.online\/#\/schema\/logo\/image\/"},"sameAs":["https:\/\/www.facebook.com\/contratamegt"]}]}},"metas":{"_candidate_location":[],"_candidate_age":"24","_candidate_gender":"Masculino","_candidate_phone":"46665775","_candidate_email":"nerytrabajo66@gmail.com","_candidate_qualification":"Licenciatura","_candidate_job_title":"Profesional con Perfil Administrativo","_candidate_experience_time":"1 A\u00f1o","_candidate_salary":"","_candidate_languages":["Espa\u00f1ol"],"_candidate_skill":"","_candidate_category":[],"_candidate_cv_attachment":{"52839":"https:\/\/contratame.online\/wp-content\/uploads\/wp-job-board-pro-uploads\/_candidate_cv_attachment\/2026\/01\/CV2026-ADM-NERY-HERRERA-VC2-1.pdf"},"_candidate_education":[{"title":"Diversificado en Ciencias y Letras con Orientaci\u00f3n en Computaci\u00f3n","academy":"Colegi\u00f3 El Verbo Alamos","year":"2017-2018","description":""},{"title":"Licenciatura en Criminolog\u00eda y Pol\u00edtica Criminal","academy":"Universidad Mariano G\u00e1lvez de Guatemala","year":"2019-2024"}],"_candidate_experience":[{"title":"T\u00e9cnico Investigador","start_date":"Noviembre 2024","end_date":"Marzo 2025","company":"Procuradur\u00eda General de la Naci\u00f3n (PGN) \/ Procuradur\u00eda de la ni\u00f1ez y adolescencia (PNA)","description":" An\u00e1lisis e investigaci\u00f3n de expedientes judiciales en casos de ni\u00f1ez y adolescencia. Elaboraci\u00f3n de informes t\u00e9cnicos para jueces y fiscales.\r\n Coordinaci\u00f3n con psic\u00f3logos, trabajadores sociales y abogados. Manejo \u00e9tico de informaci\u00f3n confidencial y sensible."},{"title":"Analista de Reclutamiento y Selecci\u00f3n, y Publicidad","start_date":"Enero 2020","end_date":"Octubre 2024","company":"BestTalent","description":"An\u00e1lisis del perfil requerido y b\u00fasqueda de candidatos. Comunicaci\u00f3n profesional interna y externa. An\u00e1lisis e investigaci\u00f3n de perfiles de candidatos. Aplicaci\u00f3n de filtros, pruebas y selecci\u00f3n de candidatos. Presentaci\u00f3n de candidatos finalistas."},{"title":"Pasante en Tecnolog\u00eda de la Informaci\u00f3n Guatemala","start_date":"Agosto 2018","end_date":"Octubre 2018","company":"FACENCO","description":"Identificaba fallas en equipos tecnol\u00f3gicos (computadoras, impresoras, redes). Actualizaci\u00f3n de registros digitales y respaldo de informaci\u00f3n. Brindaba soporte b\u00e1sico en hardware y software a usuarios internos."}],"_candidate_logo":"https:\/\/contratame.online\/wp-content\/uploads\/wp-job-board-pro-uploads\/_candidate_featured_image\/2026\/01\/FOTO-RECIENTE-CV-2-150x150.jpg"},"_links":{"self":[{"href":"https:\/\/contratame.online\/es\/wp-json\/wp\/v2\/candidate\/32486","targetHints":{"allow":["GET"]}}],"collection":[{"href":"https:\/\/contratame.online\/es\/wp-json\/wp\/v2\/candidate"}],"about":[{"href":"https:\/\/contratame.online\/es\/wp-json\/wp\/v2\/types\/candidate"}],"replies":[{"embeddable":true,"href":"https:\/\/contratame.online\/es\/wp-json\/wp\/v2\/comments?post=32486"}],"version-history":[{"count":1,"href":"https:\/\/contratame.online\/es\/wp-json\/wp\/v2\/candidate\/32486\/revisions"}],"predecessor-version":[{"id":32487,"href":"https:\/\/contratame.online\/es\/wp-json\/wp\/v2\/candidate\/32486\/revisions\/32487"}],"wp:featuredmedia":[{"embeddable":true,"href":"https:\/\/contratame.online\/es\/wp-json\/wp\/v2\/media\/52846"}],"wp:attachment":[{"href":"https:\/\/contratame.online\/es\/wp-json\/wp\/v2\/media?parent=32486"}],"wp:term":[{"taxonomy":"candidate_category","embeddable":true,"href":"https:\/\/contratame.online\/es\/wp-json\/wp\/v2\/candidate_category?post=32486"},{"taxonomy":"candidate_location","embeddable":true,"href":"https:\/\/contratame.online\/es\/wp-json\/wp\/v2\/candidate_location?post=32486"},{"taxonomy":"candidate_tag","embeddable":true,"href":"https:\/\/contratame.online\/es\/wp-json\/wp\/v2\/candidate_tag?post=32486"}],"curies":[{"name":"wp","href":"https:\/\/api.w.org\/{rel}","templated":true}]}}